{"id":7226,"date":"2025-08-15T18:12:55","date_gmt":"2025-08-15T18:12:55","guid":{"rendered":"https:\/\/www.granavida.com\/blog\/?page_id=7226"},"modified":"2025-09-12T11:38:29","modified_gmt":"2025-09-12T11:38:29","slug":"granada-mollar-de-elche","status":"publish","type":"page","link":"https:\/\/www.granavida.com\/blog\/granada-mollar-de-elche\/","title":{"rendered":"Granada Mollar de Elche"},"content":{"rendered":"\t\t<div data-elementor-type=\"wp-page\" data-elementor-id=\"7226\" class=\"elementor elementor-7226\" data-elementor-post-type=\"page\">\n\t\t\t\t<div class=\"elementor-element elementor-element-0ae1505 e-flex e-con-boxed e-con e-parent\" data-id=\"0ae1505\" data-element_type=\"container\" data-e-type=\"container\">\n\t\t\t\t\t<div class=\"e-con-inner\">\n\t\t\t\t<div class=\"elementor-element elementor-element-eb5228f elementor-widget elementor-widget-image\" data-id=\"eb5228f\" data-element_type=\"widget\" data-e-type=\"widget\" data-widget_type=\"image.default\">\n\t\t\t\t<div class=\"elementor-widget-container\">\n\t\t\t\t\t\t\t\t\t\t\t\t\t\t\t<img decoding=\"async\" src=\"https:\/\/www.granavida.com\/blog\/wp-content\/uploads\/elementor\/thumbs\/Banner-granada-mollar-raaxhazuelgbbanhciucnz0emn2a5ora56rfo7wiao.png\" title=\"Banner granada mollar\" alt=\"Granada mollar de elche\" loading=\"lazy\" \/>\t\t\t\t\t\t\t\t\t\t\t\t\t\t\t<\/div>\n\t\t\t\t<\/div>\n\t\t\t\t<div class=\"elementor-element elementor-element-8381787 elementor-widget elementor-widget-heading\" data-id=\"8381787\" data-element_type=\"widget\" data-e-type=\"widget\" data-widget_type=\"heading.default\">\n\t\t\t\t<div class=\"elementor-widget-container\">\n\t\t\t\t\t<h1 class=\"elementor-heading-title elementor-size-default\">Granada Mollar de Elche: La reina de las granadas<\/h1>\t\t\t\t<\/div>\n\t\t\t\t<\/div>\n\t\t\t\t<div class=\"elementor-element elementor-element-4e37663 elementor-widget elementor-widget-text-editor\" data-id=\"4e37663\" data-element_type=\"widget\" data-e-type=\"widget\" data-widget_type=\"text-editor.default\">\n\t\t\t\t<div class=\"elementor-widget-container\">\n\t\t\t\t\t\t\t\t\t<p><a href=\"https:\/\/granavida.com\"><strong data-start=\"53\" data-end=\"84\">Granada Mollar de Elche DOP<\/strong><\/a> es mucho m\u00e1s que una fruta: es un s\u00edmbolo de calidad, tradici\u00f3n y sabor del Mediterr\u00e1neo. Conocida como <em data-start=\"189\" data-end=\"217\">\u201cla reina de las granadas\u201d<\/em>, esta variedad aut\u00f3ctona alicantina destaca por sus caracter\u00edsticas \u00fanicas y un legado hist\u00f3rico-cultural que la convierte en orgullo de la regi\u00f3n. A continuaci\u00f3n, te invitamos a descubrir todo sobre la granada mollar de Elche: su historia milenaria, los secretos de su cultivo, sus beneficios para la salud, usos en la gastronom\u00eda, calendario de cosecha, importancia econ\u00f3mica y curiosidades que la diferencian de otras variedades.<\/p>\t\t\t\t\t\t\t\t<\/div>\n\t\t\t\t<\/div>\n\t\t\t\t<div class=\"elementor-element elementor-element-09e8985 elementor-widget elementor-widget-heading\" data-id=\"09e8985\" data-element_type=\"widget\" data-e-type=\"widget\" data-widget_type=\"heading.default\">\n\t\t\t\t<div class=\"elementor-widget-container\">\n\t\t\t\t\t<h2 class=\"elementor-heading-title elementor-size-default\">Presentaci\u00f3n: historia, cultivo y caracter\u00edsticas \u00fanicas<\/h2>\t\t\t\t<\/div>\n\t\t\t\t<\/div>\n\t\t\t\t<div class=\"elementor-element elementor-element-380a4a0 elementor-widget elementor-widget-text-editor\" data-id=\"380a4a0\" data-element_type=\"widget\" data-e-type=\"widget\" data-widget_type=\"text-editor.default\">\n\t\t\t\t<div class=\"elementor-widget-container\">\n\t\t\t\t\t\t\t\t\t<p>La <a href=\"https:\/\/www.granavida.com\/blog\/granada-mollar-de-elche-la-temporada-ha-comenzado\/\">granada mollar de Elche<\/a> tiene sus or\u00edgenes en la antig\u00fcedad. Evidencias arqueol\u00f3gicas encontradas en el yacimiento de La Alcudia (Elche) demuestran que ya en el siglo II-I a.C. este fruto se cultivaba en la zona. Se cree que fueron los cartagineses quienes introdujeron el granado en tierras mediterr\u00e1neas tras las guerras p\u00fanicas, y m\u00e1s tarde los \u00e1rabes difundieron su cultivo por Espa\u00f1a. Siglos despu\u00e9s, a mediados del siglo XIX, los huertos de Elche reemplazaron olivos por granados, iniciando una tradici\u00f3n agr\u00edcola cuyo primer registro comercial data de 1864. Desde entonces, la granada mollar ha pasado de ser un cultivo local a <strong data-start=\"1499\" data-end=\"1546\">una de las granadas m\u00e1s valoradas del mundo<\/strong>, conservando siempre su esencia mediterr\u00e1nea.<\/p>\t\t\t\t\t\t\t\t<\/div>\n\t\t\t\t<\/div>\n\t\t\t\t<div class=\"elementor-element elementor-element-cc95da7 elementor-widget elementor-widget-heading\" data-id=\"cc95da7\" data-element_type=\"widget\" data-e-type=\"widget\" data-widget_type=\"heading.default\">\n\t\t\t\t<div class=\"elementor-widget-container\">\n\t\t\t\t\t<h4 class=\"elementor-heading-title elementor-size-default\">Caracter\u00edsticas del fruto:<\/h4>\t\t\t\t<\/div>\n\t\t\t\t<\/div>\n\t\t\t\t<div class=\"elementor-element elementor-element-8b5a6aa elementor-widget elementor-widget-text-editor\" data-id=\"8b5a6aa\" data-element_type=\"widget\" data-e-type=\"widget\" data-widget_type=\"text-editor.default\">\n\t\t\t\t<div class=\"elementor-widget-container\">\n\t\t\t\t\t\t\t\t\t<p>La variedad mollar de Elche se reconoce al instante por su sabor y aspecto. Su pulpa es <em data-start=\"1713\" data-end=\"1737\">excepcionalmente dulce<\/em> y arom\u00e1tica, muy apreciada por consumidores y chefs. A diferencia de otras granadas, <strong data-start=\"1860\" data-end=\"1929\">sus semillas (\u201cpepitas\u201d) son muy blandas y totalmente comestibles<\/strong>, lo que permite saborear los granos sin esa textura le\u00f1osa de otras variedades. Otro rasgo curioso es su color exterior variable: la c\u00e1scara puede ir de un tono crema dorado a un rojo intenso dependiendo de la exposici\u00f3n al sol en el \u00e1rbol. Este \u201ccapricho de la naturaleza\u201d hace que en un mismo campo haya granadas de piel m\u00e1s clara (las de interior del \u00e1rbol, m\u00e1s sombreadas) y otras de piel rojiza brillante (las de la parte externa, m\u00e1s soleadas)\u00a0<strong data-start=\"2529\" data-end=\"2607\">Independientemente del color de su piel, todas esconden un tesoro interior<\/strong> de semillas color rub\u00ed rosado o rojo, llenas de jugo dulce y propiedades saludables.<\/p><p>El cultivo de la granada mollar se concentra en el privilegiado entorno del sur de Alicante, a orillas del Mediterr\u00e1neo. Los campos de granados se benefician de un clima semi\u00e1rido con inviernos suaves, veranos c\u00e1lidos y escasas lluvias, condiciones ideales para obtener frutos dulces. Actualmente, <strong data-start=\"3265\" data-end=\"3282\">40 municipios<\/strong> de las comarcas alicantinas del Baix Vinalop\u00f3, Vega Baja y L\u2019Alacant\u00ed conforman la zona de cultivo protegida de esta variedad. En total suman alrededor de <strong data-start=\"3477\" data-end=\"3508\">3.000 hect\u00e1reas de granados<\/strong>, que producen unas <strong data-start=\"3528\" data-end=\"3560\">50.000 toneladas por campa\u00f1a<\/strong>. Este territorio es conocido como <em data-start=\"3673\" data-end=\"3712\">\u201cla tierra de las granadas de Europa\u201d<\/em>, ya que concentra el 75-90% de la producci\u00f3n de granadas de Espa\u00f1a y es el principal productor europeo de este fruto. Los agricultores locales, a menudo familias que han cuidado los granados por generaciones, atesoran un saber tradicional sobre el momento \u00f3ptimo de recolecci\u00f3n y los cuidados del \u00e1rbol, garantizando la calidad excepcional de cada cosecha. Sus huertos conviven en armon\u00eda con espacios naturales protegidos (como las Salinas de Santa Pola, El Hondo o las Lagunas de La Mata-Torrevieja), reflejando la integraci\u00f3n de la agricultura con el entorno mediterr\u00e1neo.<\/p>\t\t\t\t\t\t\t\t<\/div>\n\t\t\t\t<\/div>\n\t\t\t\t<div class=\"elementor-element elementor-element-1a7aa0b elementor-widget elementor-widget-heading\" data-id=\"1a7aa0b\" data-element_type=\"widget\" data-e-type=\"widget\" data-widget_type=\"heading.default\">\n\t\t\t\t<div class=\"elementor-widget-container\">\n\t\t\t\t\t<h2 class=\"elementor-heading-title elementor-size-default\">Denominaci\u00f3n de Origen Protegida (DOP) y su importancia<\/h2>\t\t\t\t<\/div>\n\t\t\t\t<\/div>\n\t\t\t\t<div class=\"elementor-element elementor-element-1be5f57 elementor-widget elementor-widget-text-editor\" data-id=\"1be5f57\" data-element_type=\"widget\" data-e-type=\"widget\" data-widget_type=\"text-editor.default\">\n\t\t\t\t<div class=\"elementor-widget-container\">\n\t\t\t\t\t\t\t\t\t<p data-start=\"4506\" data-end=\"5304\">La excelencia de la granada mollar de Elche ha sido reconocida oficialmente con el sello de <strong data-start=\"4598\" data-end=\"4640\">Denominaci\u00f3n de Origen Protegida (DOP)<\/strong>, la distinci\u00f3n de calidad agroalimentaria m\u00e1s prestigiosa de Europa. De hecho, es <strong data-start=\"4723\" data-end=\"4753\">la \u00fanica granada del mundo<\/strong> que cuenta con una DOP propia, lo cual subraya su car\u00e1cter singular. Este logro se gest\u00f3 gracias al esfuerzo conjunto de productores locales: en 2008 se cre\u00f3 la Asociaci\u00f3n de Productores y Comercializadores de Granadas de Elche con el objetivo de conseguir esta protecci\u00f3n para una fruta tan especial. Finalmente, la Uni\u00f3n Europea otorg\u00f3 la DOP \u201cGranada Mollar de Elche\u201d el 26 de enero de 2016.<\/p><p data-start=\"5306\" data-end=\"6244\">\u00bfQu\u00e9 implica la DOP? En primer lugar, <strong data-start=\"5344\" data-end=\"5395\">garant\u00eda de autenticidad y calidad diferenciada<\/strong>. Solo las granadas mollar de Elche de categor\u00eda primera o extra, cultivadas en los 40 municipios autorizados y que cumplen estrictos controles de calidad, pueden llevar el sello DOP. Este sello certifica que el fruto posee las cualidades \u00fanicas conferidas por su terru\u00f1o y m\u00e9todo de cultivo tradicional. El dulzor caracter\u00edstico, la semilla blanda y el color peculiar son atributos protegidos por la DOP, asegurando al consumidor que est\u00e1 adquiriendo la genuina granada de Elche con todas sus propiedades originales. Adem\u00e1s, al estar bajo DOP, <strong data-start=\"6057\" data-end=\"6105\">la fruta es sometida a controles adicionales<\/strong> en campo y poscosecha, lo que eleva a\u00fan m\u00e1s su est\u00e1ndar de calidad frente a otras granadas comunes.<\/p><p data-start=\"6246\" data-end=\"7183\">La DOP no solo reconoce la calidad del producto, sino que tambi\u00e9n <strong data-start=\"6312\" data-end=\"6355\">valora la herencia cultural e hist\u00f3rica<\/strong> vinculada a su cultivo. Cada granada mollar DOP representa siglos de tradici\u00f3n, la sabidur\u00eda transmitida de padres a hijos en las familias agricultoras y las singularidades de un territorio \u00fanico. Para los productores locales, formar parte de la DOP implica <strong data-start=\"6653\" data-end=\"6680\">uni\u00f3n y fuerza conjunta<\/strong> para promocionar la fruta y defender sus intereses. El Consejo Regulador de la Granada Mollar de Elche \u2013 presidido actualmente por Francisco Oliva \u2013 trabaja activamente en campa\u00f1as de promoci\u00f3n, acuerdos con chefs de renombre y b\u00fasqueda de apoyos institucionales. Gracias a ello, el nombre de Elche y su granada resuenan dentro y fuera de Espa\u00f1a, y el consumidor puede reconocer en el mercado una marca de calidad confiable.<\/p><p data-start=\"7185\" data-end=\"7801\">Cabe destacar que la zona geogr\u00e1fica amparada por la DOP abarca precisamente los t\u00e9rminos municipales de L\u2019Alacant\u00ed, Baix Vinalop\u00f3 y Vega Baja (todos en la provincia de Alicante). Esto ha permitido proteger la producci\u00f3n local frente a imitaciones, respaldando la econom\u00eda agr\u00edcola de la regi\u00f3n. En resumen, la <strong data-start=\"7574\" data-end=\"7605\">DOP Granada Mollar de Elche<\/strong> no solo distingue a una de las mejores granadas del mundo, sino que tambi\u00e9n <strong data-start=\"7682\" data-end=\"7742\">preserva un patrimonio agr\u00edcola, gastron\u00f3mico y cultural<\/strong> que es se\u00f1a de identidad del Bajo Vinalop\u00f3 y la Vega Baja.<\/p>\t\t\t\t\t\t\t\t<\/div>\n\t\t\t\t<\/div>\n\t\t\t\t<div class=\"elementor-element elementor-element-a5a3103 elementor-widget elementor-widget-heading\" data-id=\"a5a3103\" data-element_type=\"widget\" data-e-type=\"widget\" data-widget_type=\"heading.default\">\n\t\t\t\t<div class=\"elementor-widget-container\">\n\t\t\t\t\t<h2 class=\"elementor-heading-title elementor-size-default\">Beneficios nutricionales y para la salud<\/h2>\t\t\t\t<\/div>\n\t\t\t\t<\/div>\n\t\t\t\t<div class=\"elementor-element elementor-element-791646a elementor-widget elementor-widget-text-editor\" data-id=\"791646a\" data-element_type=\"widget\" data-e-type=\"widget\" data-widget_type=\"text-editor.default\">\n\t\t\t\t<div class=\"elementor-widget-container\">\n\t\t\t\t\t\t\t\t\t<p data-start=\"8112\" data-end=\"8538\">La granada mollar de Elche no solo deleita el paladar, sino que tambi\u00e9n es apreciada como <em data-start=\"8202\" data-end=\"8216\">\u201csuperfruta\u201d<\/em> por sus numerosos beneficios para la salud. Su composici\u00f3n nutricional y fitoqu\u00edmica la convierten en un <strong data-start=\"8322\" data-end=\"8344\">alimento funcional<\/strong> capaz de contribuir al bienestar m\u00e1s all\u00e1 de su valor nutritivo. A continuaci\u00f3n, resumimos sus principales aportes nutricionales y propiedades saludables:<\/p><ul data-start=\"8540\" data-end=\"12712\"><li data-start=\"8540\" data-end=\"9400\"><p data-start=\"8542\" data-end=\"9400\"><strong data-start=\"8542\" data-end=\"8567\">Rica en antioxidantes<\/strong>: La granada mollar es fuente abundante de <strong data-start=\"8610\" data-end=\"8625\">polifenoles<\/strong> (en especial punicalaginas) que le otorgan un poder antioxidante extraordinario. De hecho, su capacidad antioxidante es hasta <em data-start=\"8791\" data-end=\"8812\">tres veces superior<\/em> a la del vino tinto o el t\u00e9 verde. Estos antioxidantes protegen las c\u00e9lulas del da\u00f1o oxidativo, retrasando el envejecimiento celular y ayudando a prevenir enfermedades degenerativas. Estudios se\u00f1alan que el consumo regular de granada puede reducir el riesgo de ciertos c\u00e1nceres (como mama o pr\u00f3stata) y frenar el avance de enfermedades neurodegenerativas: por ejemplo, el zumo de granada podr\u00eda retrasar la aparici\u00f3n del Alzheimer.<\/p><\/li><li data-start=\"9402\" data-end=\"10402\"><p data-start=\"9404\" data-end=\"10402\"><strong data-start=\"9404\" data-end=\"9428\">Salud cardiovascular<\/strong>: Incluir granada mollar en la dieta aporta <em data-start=\"9472\" data-end=\"9498\">cuidados para el coraz\u00f3n<\/em>. Seg\u00fan expertos m\u00e9dicos, su consumo habitual ayuda a <strong data-start=\"9552\" data-end=\"9583\">reducir la presi\u00f3n arterial<\/strong> (especialmente la sist\u00f3lica), <strong data-start=\"9614\" data-end=\"9645\">disminuir el colesterol LDL<\/strong> o \u201cmalo\u201d, y <strong data-start=\"9658\" data-end=\"9681\">mejorar la glucemia<\/strong> en sangre. Estos efectos significan un menor riesgo de hipertensi\u00f3n, arteriosclerosis y diabetes, tres enemigos del sistema cardiovascular. Asimismo, los granos de la mollar contienen fibra y \u00e1cidos grasos poliinsaturados (como el \u00e1cido p\u00fanico) presentes en la semilla, que contribuyen a la salud del coraz\u00f3n. Sus antioxidantes protegen el endotelio de los vasos sangu\u00edneos, dificultando la formaci\u00f3n de placas de ateroma (responsables de infartos). En resumen, la granada es <em data-start=\"10314\" data-end=\"10362\">una aliada para un coraz\u00f3n y cerebro m\u00e1s sanos<\/em>.<\/p><\/li><li data-start=\"10404\" data-end=\"11056\"><p data-start=\"10406\" data-end=\"11056\"><strong data-start=\"10406\" data-end=\"10452\">Propiedades digestivas y antiinflamatorias<\/strong>: La granada mollar tiene cualidades astringentes gracias a su contenido en taninos, lo que tradicionalmente se ha empleado para aliviar trastornos digestivos como la diarrea. Tambi\u00e9n se le atribuyen efectos antiinflamatorios, ayudando a reducir dolores articulares en casos de artritis. Por otro lado, contribuye a la <strong data-start=\"10849\" data-end=\"10869\">salud bucodental<\/strong> (efecto antibacteriano en enc\u00edas) y se ha observado que ciertos compuestos de la granada benefician la microbiota intestinal y la salud de la piel.<\/p><\/li><li data-start=\"11058\" data-end=\"12149\"><p data-start=\"11060\" data-end=\"12149\"><strong data-start=\"11060\" data-end=\"11106\">Baja en calor\u00edas y rica en micronutrientes<\/strong>: Esta fruta es ideal en dietas saludables y de control de peso. M\u00e1s del <em data-start=\"11179\" data-end=\"11208\">85% de su contenido es agua<\/em> y apenas aporta ~33-35 kcal por 100 gramos, siendo pr\u00e1cticamente libre de grasas. Aun as\u00ed, ofrece fibra diet\u00e9tica (sacia con pocas calor\u00edas) y es naturalmente <strong data-start=\"11407\" data-end=\"11420\">diur\u00e9tica<\/strong>, ya que su alto contenido en potasio favorece la eliminaci\u00f3n de l\u00edquidos. En cuanto a vitaminas, destaca por su aporte de <strong data-start=\"11582\" data-end=\"11596\">vitamina C<\/strong> (antioxidante y reforzante del sistema inmune), vitamina <strong data-start=\"11654\" data-end=\"11659\">A<\/strong>, <strong data-start=\"11661\" data-end=\"11666\">E<\/strong> y del grupo B (especialmente B6), as\u00ed como <strong data-start=\"11710\" data-end=\"11731\">\u00e1cido f\u00f3lico (B9)<\/strong>. Tambi\u00e9n contiene vitamina K y minerales como <strong data-start=\"11817\" data-end=\"11828\">potasio<\/strong> (265 mg por fruto mediano), algo de <strong data-start=\"11865\" data-end=\"11895\">f\u00f3sforo, magnesio y hierro<\/strong>, aunque en cantidades modestas. Esta combinaci\u00f3n hace de la granada mollar un complemento nutricional muy equilibrado: hidratante, ligero y rico en micronutrientes esenciales.<\/p><\/li><li data-start=\"12151\" data-end=\"12712\"><p data-start=\"12153\" data-end=\"12712\"><strong data-start=\"12153\" data-end=\"12187\">Otros beneficios sorprendentes<\/strong>: Por su impacto positivo en la circulaci\u00f3n sangu\u00ednea, popularmente a la granada se la ha llamado <strong data-start=\"12285\" data-end=\"12308\">\u201cla viagra natural\u201d<\/strong>, atribuy\u00e9ndole la capacidad de mejorar la fertilidad y la calidad del esperma. Si bien esta denominaci\u00f3n simp\u00e1tica debe tomarse con prudencia, ejemplifica la larga lista de virtudes atribuidas a este fruto milenario. En resumen, incorporar granada mollar de Elche a nuestra dieta regular es una excelente decisi\u00f3n para disfrutar de <em data-start=\"12680\" data-end=\"12695\">salud y sabor<\/em> al mismo tiempo.<\/p><\/li><\/ul>\t\t\t\t\t\t\t\t<\/div>\n\t\t\t\t<\/div>\n\t\t\t\t<div class=\"elementor-element elementor-element-0d8b88a elementor-widget elementor-widget-heading\" data-id=\"0d8b88a\" data-element_type=\"widget\" data-e-type=\"widget\" data-widget_type=\"heading.default\">\n\t\t\t\t<div class=\"elementor-widget-container\">\n\t\t\t\t\t<h2 class=\"elementor-heading-title elementor-size-default\">Usos gastron\u00f3micos y recetas populares<\/h2>\t\t\t\t<\/div>\n\t\t\t\t<\/div>\n\t\t\t\t<div class=\"elementor-element elementor-element-f27f578 elementor-widget elementor-widget-text-editor\" data-id=\"f27f578\" data-element_type=\"widget\" data-e-type=\"widget\" data-widget_type=\"text-editor.default\">\n\t\t\t\t<div class=\"elementor-widget-container\">\n\t\t\t\t\t\t\t\t\t<p data-start=\"13064\" data-end=\"13342\">En la gastronom\u00eda, la granada mollar de Elche brilla por su versatilidad. Sus granos jugosos aportan un toque de color, textura crujiente y dulzor equilibrado a infinidad de platos tanto dulces como salados. A continuaci\u00f3n, exploramos algunas formas de disfrutarla en la cocina:<\/p><ul data-start=\"13344\" data-end=\"16721\"><li data-start=\"13344\" data-end=\"14087\"><p data-start=\"13346\" data-end=\"14087\"><strong data-start=\"13346\" data-end=\"13389\">En fresco, en ensaladas y guarniciones:<\/strong> Es quiz\u00e1s la forma m\u00e1s com\u00fan y sencilla. Desgranar una granada mollar y espolvorear sus rub\u00edes sobre una ensalada verde eleva el plato al instante. En la comarca es tradicional la <strong data-start=\"13570\" data-end=\"13591\">ensalada de oto\u00f1o<\/strong> con escarola, granos de granada, aceitunas partidas, ventresca de at\u00fan, cebolla tierna y ali\u00f1o de vinagreta de granada, combinando sabores dulces y salados. Tambi\u00e9n se a\u00f1ade granada a guarniciones de asados o platos de caza, donde su dulzor contrasta con las carnes. Gracias a su semilla blanda, se puede masticar el grano entero sin notar durezas, lo que la hace ideal para consumir directamente, a\u00f1adir a <strong data-start=\"13999\" data-end=\"14038\">yogures, cereales, bowls saludables<\/strong> o como topping de tostas y aperitivos creativos.<\/p><\/li><li data-start=\"14089\" data-end=\"14964\"><p data-start=\"14091\" data-end=\"14964\"><strong data-start=\"14091\" data-end=\"14111\">Zumos y bebidas:<\/strong> El <strong data-start=\"14115\" data-end=\"14134\">zumo de granada<\/strong> es uno de los productos estrella derivados de la mollar de Elche. Se puede tomar reci\u00e9n exprimido para obtener todos sus nutrientes (su color es rosado claro debido a la menor acidez y antocianos que otras variedades, pero con gran dulzor). Este jugo se consume solo o en combinados (por ejemplo, c\u00f3cteles sin alcohol, limonadas con granada, smoothies detox, etc.). En la regi\u00f3n, empresas locales como Granavida\u00a0 comercializan zumo 100% de granada mollar pasteurizado, disponible en tiendas f\u00edsicas y online. Es una forma c\u00f3moda de disfrutar sus beneficios durante todo el a\u00f1o. Otra bebida tradicional es la <strong data-start=\"14833\" data-end=\"14855\">granada en alm\u00edbar<\/strong> o los <strong data-start=\"14862\" data-end=\"14908\">licores y vermuts aromatizados con granada<\/strong>, que algunos artesanos producen en peque\u00f1as cantidades.<\/p><\/li><li data-start=\"14966\" data-end=\"15711\"><p data-start=\"14968\" data-end=\"15711\"><strong data-start=\"14968\" data-end=\"14993\">Reposter\u00eda y postres:<\/strong> La granada aporta un toque gourmet a numerosos postres. Se utiliza para coronar tartas, cheesecakes, panna cottas o mousses, aportando frescura y un contraste de color. En reposter\u00eda local encontramos la <strong data-start=\"15198\" data-end=\"15222\">mermelada de granada<\/strong>, perfecta para acompa\u00f1ar quesos y pat\u00e9s, o rellenar pasteles. Tambi\u00e9n se elaboran <strong data-start=\"15305\" data-end=\"15341\">siropes y reducciones de granada<\/strong> que sirven de salsa a postres y helados. Hablando de helados, en Elche algunos establecimientos emblem\u00e1ticos ofrecen <strong data-start=\"15459\" data-end=\"15497\">helado artesanal de granada mollar<\/strong>, muy apreciado por su sabor aut\u00e9ntico. La miel con granada es otra delicatessen que combina miel de azahar con concentrado de granada, fusionando dos productos mediterr\u00e1neos.<\/p><\/li><li data-start=\"15713\" data-end=\"16721\"><p data-start=\"15715\" data-end=\"16721\"><strong data-start=\"15715\" data-end=\"15751\">Alta cocina y recetas creativas:<\/strong> Gracias a iniciativas locales, la granada mollar ha encontrado un lugar en la cocina de vanguardia. Cada a\u00f1o, la DOP organiza un <strong data-start=\"15881\" data-end=\"15940\">Concurso de Cocina Creativa con Granada Mollar de Elche<\/strong>, donde chefs profesionales y amateurs compiten presentando platos innovadores. De estos cert\u00e1menes han surgido recetas originales: carpaccios de gambas con granada, gazpachos de granada, guisos de pollo con salsa de granada, <em data-start=\"16205\" data-end=\"16213\">sushis<\/em> y ceviches con granada, e incluso reinterpretaciones de postres internacionales incorporando nuestro fruto. Estas creaciones demuestran que la granada mollar no tiene l\u00edmites en la cocina: <strong data-start=\"16403\" data-end=\"16492\">su dulzor equilibrado y aroma la hacen igual de v\u00e1lida para platos salados que dulces<\/strong>. Es com\u00fan verla en los restaurantes locales durante el oto\u00f1o en arroces, ensaladas templadas, platos de pescado (por ejemplo, una emulsi\u00f3n de granada sobre lomos de dorada) o en maridaje con quesos y frutos secos en aperitivos.<\/p><\/li><\/ul><p data-start=\"16723\" data-end=\"16975\">Adem\u00e1s de su uso culinario directo, <strong data-start=\"16759\" data-end=\"16800\">existen numerosos productos derivados<\/strong> de la granada mollar de Elche en el mercado, fruto de sus cualidades tanto internas como de su piel. Algunos de los m\u00e1s populares son:<\/p><ul data-start=\"16977\" data-end=\"17998\"><li data-start=\"16977\" data-end=\"17096\"><p data-start=\"16979\" data-end=\"17096\"><em data-start=\"16979\" data-end=\"16999\">Conservas y salsas<\/em>: mermeladas, jaleas, chutneys y reducciones de granada, ideales para cocinar o acompa\u00f1ar carnes.<\/p><\/li><li data-start=\"17097\" data-end=\"17226\"><p data-start=\"17099\" data-end=\"17226\"><em data-start=\"17099\" data-end=\"17118\">Productos gourmet<\/em>: vinagres y aderezos a base de granada; miel de granada; t\u00e9 e infusiones frutales con granada deshidratada.<\/p><\/li><li data-start=\"17227\" data-end=\"17596\"><p data-start=\"17229\" data-end=\"17596\"><em data-start=\"17229\" data-end=\"17248\">Cosm\u00e9tica natural<\/em>: la industria cosm\u00e9tica aprovecha el poder antioxidante de la <strong data-start=\"17311\" data-end=\"17345\">c\u00e1scara y el aceite de semilla<\/strong> de granada para fabricar cremas anti-edad, mascarillas faciales, geles de ducha y champ\u00fas enriquecidos. Sus polifenoles y vitaminas benefician la piel y el cabello, ofreciendo una alternativa natural en belleza.<\/p><\/li><li data-start=\"17597\" data-end=\"17759\"><p data-start=\"17599\" data-end=\"17759\"><em data-start=\"17599\" data-end=\"17626\">Suplementos nutricionales<\/em>: c\u00e1psulas de extracto de granada, concentrados y polvos para disolver, destinados a quienes buscan una dosis extra de antioxidantes.<\/p><\/li><li data-start=\"17760\" data-end=\"17998\"><p data-start=\"17762\" data-end=\"17998\"><em data-start=\"17762\" data-end=\"17769\">Otros<\/em>: la granada tambi\u00e9n se ha incorporado a productos como barras de cereal, snacks deshidratados (granos de granada secos), e incluso en la elaboraci\u00f3n de vinagres bals\u00e1micos y combinados de vinagre con jugo de granada para ali\u00f1os.<\/p><\/li><\/ul><p data-start=\"18000\" data-end=\"18308\">Como vemos, la <strong data-start=\"18015\" data-end=\"18042\">granada mollar de Elche<\/strong> se disfruta de mil maneras, desde la receta casera m\u00e1s simple hasta la alta cocina de autor. Su popularidad en la gastronom\u00eda saludable va en aumento, pues es un ingrediente local, de temporada y cargado de beneficios. \u00a1An\u00edmate a experimentar con ella en tu cocina!<\/p>\t\t\t\t\t\t\t\t<\/div>\n\t\t\t\t<\/div>\n\t\t\t\t<div class=\"elementor-element elementor-element-5df5cb2 elementor-widget elementor-widget-heading\" data-id=\"5df5cb2\" data-element_type=\"widget\" data-e-type=\"widget\" data-widget_type=\"heading.default\">\n\t\t\t\t<div class=\"elementor-widget-container\">\n\t\t\t\t\t<h2 class=\"elementor-heading-title elementor-size-default\">Calendario de cosecha y sostenibilidad del cultivo<\/h2>\t\t\t\t<\/div>\n\t\t\t\t<\/div>\n\t\t\t\t<div class=\"elementor-element elementor-element-eea54eb elementor-widget elementor-widget-heading\" data-id=\"eea54eb\" data-element_type=\"widget\" data-e-type=\"widget\" data-widget_type=\"heading.default\">\n\t\t\t\t<div class=\"elementor-widget-container\">\n\t\t\t\t\t<h3 class=\"elementor-heading-title elementor-size-default\">Calendario de cosecha y temporada:<\/h3>\t\t\t\t<\/div>\n\t\t\t\t<\/div>\n\t\t\t\t<div class=\"elementor-element elementor-element-2ef890e elementor-widget elementor-widget-text-editor\" data-id=\"2ef890e\" data-element_type=\"widget\" data-e-type=\"widget\" data-widget_type=\"text-editor.default\">\n\t\t\t\t<div class=\"elementor-widget-container\">\n\t\t\t\t\t\t\t\t\t<p data-start=\"18653\" data-end=\"18884\">La granada mollar de Elche es <strong data-start=\"18683\" data-end=\"18705\">la reina del oto\u00f1o<\/strong> en cuanto a frutas de temporada se refiere. Su ciclo anual de cultivo determina cu\u00e1ndo podemos disfrutarla en su m\u00e1ximo esplendor. A continuaci\u00f3n, un breve calendario estacional:<\/p><ul data-start=\"18886\" data-end=\"20569\"><li data-start=\"18886\" data-end=\"19125\"><p data-start=\"18888\" data-end=\"19125\"><strong data-start=\"18888\" data-end=\"18917\">Primavera (marzo \u2013 mayo):<\/strong> Los granados florecen con llamativas flores rojo anaranjado. La floraci\u00f3n ocurre en primavera tard\u00eda, anunciando la futura cosecha. Las flores, adem\u00e1s de ser hermosas, son esenciales para el cuaje del fruto.<\/p><\/li><li data-start=\"19126\" data-end=\"19398\"><p data-start=\"19128\" data-end=\"19398\"><strong data-start=\"19128\" data-end=\"19160\">Verano (junio \u2013 septiembre):<\/strong> Periodo de desarrollo y maduraci\u00f3n. Los frutos van engordando bajo el sol mediterr\u00e1neo y adquiriendo sus tonos crema o rosados. Durante el caluroso verano, los agricultores vigilan el riego para asegurar granadas de buen tama\u00f1o y dulzor.<\/p><\/li><li data-start=\"19399\" data-end=\"19810\"><p data-start=\"19401\" data-end=\"19810\"><strong data-start=\"19401\" data-end=\"19421\">Oto\u00f1o (octubre):<\/strong> <strong data-start=\"19422\" data-end=\"19447\">Inicio de la cosecha.<\/strong> A comienzos de octubre arranca la recolecci\u00f3n de la granada mollar de Elche, cuando los frutos alcanzan su punto \u00f3ptimo de madurez. Octubre es el mes por excelencia de la granada: los campos se llenan de actividad con cuadrillas de recolectores cuidadosamente cortando las granadas a mano, fruto a fruto, para evitar da\u00f1os.<\/p><\/li><li data-start=\"19811\" data-end=\"20569\"><p data-start=\"19813\" data-end=\"20569\"><strong data-start=\"19813\" data-end=\"19865\">Finales de oto\u00f1o e invierno (noviembre \u2013 enero):<\/strong> <strong data-start=\"19866\" data-end=\"19897\">Comercializaci\u00f3n y consumo.<\/strong> Tras la primera recogida, la campa\u00f1a contin\u00faa durante <em data-start=\"19952\" data-end=\"19993\">noviembre, diciembre e inicios de enero<\/em>, meses en los que las granadas mollar est\u00e1n disponibles en mercados locales, supermercados y para exportaci\u00f3n. La <strong data-start=\"20108\" data-end=\"20187\">temporada oficial suele concluir a finales de enero o principios de febrero<\/strong>, cuando ya se han recolectado los \u00faltimos frutos tard\u00edos. Gracias a t\u00e9cnicas de conservaci\u00f3n en fr\u00edo, es posible encontrar granada de Elche hasta febrero sin perder calidad, aunque lo m\u00e1s com\u00fan es consumirla durante las Fiestas Oto\u00f1o-Invierno (muchas familias la incluyen en sus mesas de Navidad y A\u00f1o Nuevo por su simbolismo de prosperidad).<\/p><\/li><\/ul><p data-start=\"20571\" data-end=\"20928\">Este calendario natural hace que asociemos la granada mollar al oto\u00f1o, \u00e9poca en que se le ha llegado a apodar <strong data-start=\"20681\" data-end=\"20705\">\u201cla Reina del Oto\u00f1o\u201d<\/strong> por ser la fruta estrella de esa estaci\u00f3n. Consumirla en temporada garantiza el mejor sabor y precio, apoyando adem\u00e1s la sostenibilidad al consumir producto local en su momento justo.<\/p>\t\t\t\t\t\t\t\t<\/div>\n\t\t\t\t<\/div>\n\t\t\t\t<div class=\"elementor-element elementor-element-6a0c10f elementor-widget elementor-widget-heading\" data-id=\"6a0c10f\" data-element_type=\"widget\" data-e-type=\"widget\" data-widget_type=\"heading.default\">\n\t\t\t\t<div class=\"elementor-widget-container\">\n\t\t\t\t\t<h3 class=\"elementor-heading-title elementor-size-default\">Sostenibilidad en el cultivo de la granada mollar<\/h3>\t\t\t\t<\/div>\n\t\t\t\t<\/div>\n\t\t\t\t<div class=\"elementor-element elementor-element-9cecf0a elementor-widget elementor-widget-text-editor\" data-id=\"9cecf0a\" data-element_type=\"widget\" data-e-type=\"widget\" data-widget_type=\"text-editor.default\">\n\t\t\t\t<div class=\"elementor-widget-container\">\n\t\t\t\t\t\t\t\t\t<p data-start=\"20985\" data-end=\"21116\">El cultivo de la granada mollar de Elche cuenta con varios factores que favorecen la <strong data-start=\"21070\" data-end=\"21115\">sostenibilidad ambiental y socioecon\u00f3mica<\/strong>:<\/p><ul data-start=\"21118\" data-end=\"24090\"><li data-start=\"21118\" data-end=\"21986\"><p data-start=\"21120\" data-end=\"21986\"><strong data-start=\"21120\" data-end=\"21169\">Adaptaci\u00f3n al clima y uso eficiente del agua:<\/strong> El granado es un \u00e1rbol r\u00fastico y relativamente tolerante a la sequ\u00eda en comparaci\u00f3n con otros frutales. Esto significa que, en la zona semi\u00e1rida de Elche-Vega Baja, requiere menos recursos h\u00eddricos que cultivos alternativos, algo clave en una regi\u00f3n donde el agua es un bien escaso. La mayor\u00eda de productores emplean <strong data-start=\"21526\" data-end=\"21545\">riego por goteo<\/strong> y t\u00e9cnicas de manejo eficiente del agua, evitando despilfarros. Adem\u00e1s, se est\u00e1n impulsando proyectos pioneros para utilizar <strong data-start=\"21671\" data-end=\"21690\">agua regenerada<\/strong> (reutilizada) en el riego de huertos tradicionales, reduciendo la presi\u00f3n sobre acu\u00edferos y trasvases. Este compromiso con el ahorro de agua hace del cultivo de la granada un modelo a seguir en sostenibilidad h\u00eddrica.<\/p><\/li><li data-start=\"21988\" data-end=\"22548\"><p data-start=\"21990\" data-end=\"22548\"><strong data-start=\"21990\" data-end=\"22023\">Bajo impacto y biodiversidad:<\/strong> Los granados ilicitanos conviven con importantes espacios naturales, lo que ha fomentado pr\u00e1cticas agr\u00edcolas responsables. Muchos agricultores optan por <strong data-start=\"22177\" data-end=\"22208\">control biol\u00f3gico de plagas<\/strong> y reducen el uso de qu\u00edmicos, para proteger la rica biodiversidad de la zona (insectos polinizadores, aves, suelo). La presencia de la agricultura de granado act\u00faa adem\u00e1s como <em data-start=\"22385\" data-end=\"22404\">cortafuegos verde<\/em> en zonas \u00e1ridas, protegiendo el suelo de la erosi\u00f3n y manteniendo el paisaje agr\u00edcola tradicional, en sinergia con el famoso palmeral de Elche.<\/p><\/li><li data-start=\"22550\" data-end=\"23446\"><p data-start=\"22552\" data-end=\"23446\"><strong data-start=\"22552\" data-end=\"22611\">Aprovechamiento integral del fruto (econom\u00eda circular):<\/strong> Casi <strong data-start=\"22617\" data-end=\"22640\">nada se desperdicia<\/strong> de la granada mollar. Ya en el siglo XIX se exportaban toneladas de <strong data-start=\"22709\" data-end=\"22731\">corteza de granada<\/strong> desde Elche hacia la industria curtidora y farmac\u00e9utica, aprovechando sus taninos para te\u00f1ir cueros y usos medicinales. Hoy d\u00eda, la <strong data-start=\"22903\" data-end=\"22925\">piel de la granada<\/strong> \u2013 rica en antioxidantes \u2013 se emplea para producir extractos destinados a cosm\u00e9ticos y suplementos alimenticios, como mencionamos en apartados anteriores. Las membranas y subproductos org\u00e1nicos del despiece de la fruta pueden compostarse y devolverse a la tierra como abono. Incluso la madera del granado, tras la poda, puede aprovecharse como biomasa. Este aprovechamiento integral reduce residuos y genera valor a\u00f1adido, cerrando el ciclo de vida del producto de forma sostenible.<\/p><\/li><li data-start=\"23448\" data-end=\"24090\"><p data-start=\"23450\" data-end=\"24090\"><strong data-start=\"23450\" data-end=\"23496\">Denominaci\u00f3n de Origen y desarrollo local:<\/strong> La DOP Granada Mollar de Elche no solo certifica calidad, sino que promueve tambi\u00e9n la <strong data-start=\"23584\" data-end=\"23617\">sostenibilidad socioecon\u00f3mica<\/strong>. Al agrupar a peque\u00f1os y medianos agricultores bajo un paraguas com\u00fan, se asegura un <strong data-start=\"23703\" data-end=\"23719\">precio justo<\/strong> para el productor, se fijan poblaci\u00f3n rural al territorio y se mantiene viva una actividad agr\u00edcola tradicional. Las campa\u00f1as de promoci\u00f3n del Consejo Regulador enfatizan el consumo de cercan\u00eda y educan al p\u00fablico sobre la importancia de conservar estos cultivos. Todo ello contribuye a un modelo de desarrollo local en el que producci\u00f3n y medio ambiente van de la mano.<\/p><\/li><\/ul><p data-start=\"24092\" data-end=\"24435\">En definitiva, la granada mollar de Elche representa un equilibrio entre tradici\u00f3n y modernidad en su cultivo: aprovecha los conocimientos heredados de generaciones, implementa mejoras tecnol\u00f3gicas sostenibles y respeta la naturaleza que la rodea. Al elegir granada mollar DOP, el consumidor tambi\u00e9n apoya esta forma de producci\u00f3n responsable.<\/p>\t\t\t\t\t\t\t\t<\/div>\n\t\t\t\t<\/div>\n\t\t\t\t<div class=\"elementor-element elementor-element-7863628 elementor-widget elementor-widget-heading\" data-id=\"7863628\" data-element_type=\"widget\" data-e-type=\"widget\" data-widget_type=\"heading.default\">\n\t\t\t\t<div class=\"elementor-widget-container\">\n\t\t\t\t\t<h2 class=\"elementor-heading-title elementor-size-default\">Relevancia econ\u00f3mica y cultural en la regi\u00f3n de Elche y Vega Baja<\/h2>\t\t\t\t<\/div>\n\t\t\t\t<\/div>\n\t\t\t\t<div class=\"elementor-element elementor-element-39279a0 elementor-widget elementor-widget-text-editor\" data-id=\"39279a0\" data-element_type=\"widget\" data-e-type=\"widget\" data-widget_type=\"text-editor.default\">\n\t\t\t\t<div class=\"elementor-widget-container\">\n\t\t\t\t\t\t\t\t\t<p data-start=\"25030\" data-end=\"25274\">La granada mollar de Elche no solo es un producto agr\u00edcola; es un <strong data-start=\"25096\" data-end=\"25137\">motor econ\u00f3mico y un emblema cultural<\/strong> para la regi\u00f3n de Elche, el Bajo Vinalop\u00f3 y la Vega Baja del Segura. Su impacto se refleja en cifras, tradiciones y en el paisaje local.<\/p><p data-start=\"25276\" data-end=\"27137\"><strong data-start=\"25276\" data-end=\"25302\">Importancia econ\u00f3mica:<\/strong> Cada campa\u00f1a de granada genera miles de puestos de trabajo y aporta prosperidad a las zonas rurales. Se estima que la cosecha anual de granada mollar de Elche <strong data-start=\"25462\" data-end=\"25502\">genera m\u00e1s de 3.000 empleos directos<\/strong> (peones agr\u00edcolas, t\u00e9cnicos, personal de almac\u00e9n y log\u00edstica) y alrededor de <strong data-start=\"25580\" data-end=\"25608\">1.000 empleos indirectos<\/strong>, ligados al transporte, comercializaci\u00f3n y transformaci\u00f3n industrial. Con unos <strong data-start=\"25727\" data-end=\"25757\">500 agricultores inscritos<\/strong> en la DOP, en su mayor\u00eda explotaciones familiares, la granada proporciona una fuente de ingresos estable para muchas familias de Elche, Crevillente, Albatera, Vega Baja, etc. La superficie cultivada (3.000 ha, de las cuales ~1.000 est\u00e1n dentro de la DOP) y la producci\u00f3n (50.000 toneladas) posicionan a esta fruta como uno de los pilares del sector primario provincial. De hecho, Alicante lidera la producci\u00f3n europea de granada gracias principalmente a la variedad mollar. Aproximadamente el 50% de la cosecha se destina al mercado nacional, donde el consumo ha crecido m\u00e1s de un 30% en los \u00faltimos a\u00f1os. La otra mitad se exporta a mercados internacionales (Francia, Reino Unido, Pa\u00edses Bajos, Italia, etc.), lo que <strong data-start=\"26670\" data-end=\"26723\">coloca a Elche en el mapa agroalimentario mundial<\/strong>. En palabras del alcalde de Elche, <em data-start=\"26798\" data-end=\"26875\">\u201cElche es una de las principales locomotoras del sector primario de Espa\u00f1a\u201d<\/em>, gracias en parte a productos estrella como la granada mollar. Cada fruto que sale de estos campos lleva el nombre de Elche a cientos de fruter\u00edas y hogares, difundiendo la reputaci\u00f3n de la comarca por su calidad agr\u00edcola.<\/p><p data-start=\"27139\" data-end=\"28387\"><strong data-start=\"27139\" data-end=\"27175\">Ra\u00edz cultural e identidad local:<\/strong> La granada est\u00e1 profundamente arraigada en la cultura ilicitana. Un ejemplo notable es su presencia en el <strong data-start=\"27282\" data-end=\"27299\">Misteri d\u2019Elx<\/strong>, el drama sacro declarado Patrimonio de la Humanidad. En esta representaci\u00f3n medieval, aparece la c\u00e9lebre <em data-start=\"27406\" data-end=\"27417\">\u201cMagrana\u201d<\/em>, un aparato esc\u00e9nico en forma de granada gigante que desciende del cielo de la Bas\u00edlica de Santa Mar\u00eda abri\u00e9ndose para revelar un \u00e1ngel en su interior. Esta Magrana, cuyo origen se remonta al siglo XVI, simboliza la ascensi\u00f3n de la Virgen y es uno de los momentos m\u00e1s emotivos de la obra. Su sola existencia evidencia la importancia del fruto en el imaginario colectivo local. De hecho, en el pliego oficial de la DOP se incluyeron referencias e im\u00e1genes de la Magrana del Misteri d\u2019Elx <strong data-start=\"27944\" data-end=\"27985\">para documentar la conexi\u00f3n hist\u00f3rica<\/strong> entre este cultivo y la cultura de Elche. No es de extra\u00f1ar, pues, que la Asociaci\u00f3n de Productores de Granadas de Elche patrocinara la restauraci\u00f3n de la Magrana en 2014, devolviendo as\u00ed parte de lo que este s\u00edmbolo aporta a la identidad local.<\/p><p data-start=\"28389\" data-end=\"28981\">Las tradiciones populares de la Vega Baja tambi\u00e9n recogen a la granada como protagonista. En el municipio de <strong data-start=\"28498\" data-end=\"28507\">Rafal<\/strong>, por ejemplo, existe desde hace m\u00e1s de un siglo la <strong data-start=\"28559\" data-end=\"28584\">Procesi\u00f3n de la Gran\u00e1<\/strong> en Semana Santa: durante el Encuentro del Domingo de Resurrecci\u00f3n, una granada gigante de cart\u00f3n piedra, llena de p\u00e9talos y aleluyas, se abre en honor al Cristo resucitado. Esta singular costumbre religiosa demuestra c\u00f3mo la granada ha inspirado celebraciones locales y simbolismos de <em data-start=\"28948\" data-end=\"28979\">renovaci\u00f3n, fertilidad y vida<\/em>.<\/p><p data-start=\"28983\" data-end=\"29487\">El legado cultural de la granada se aprecia tambi\u00e9n en el paisaje urbano: Elche cuenta con una <strong data-start=\"29078\" data-end=\"29138\">rotonda monumental dedicada a la Granada Mollar de Elche<\/strong>, con una escultura moderna de un fruto abierto a gran escala, homenaje a este emblema agrario. Igualmente, se han inaugurado parques tem\u00e1ticos y rutas agrotur\u00edsticas que giran en torno a los huertos de granados, permitiendo a visitantes conocer de cerca el proceso de cultivo y la historia detr\u00e1s de la fruta.<\/p><p data-start=\"29489\" data-end=\"30019\">En resumen, la granada mollar de Elche <em data-start=\"29528\" data-end=\"29554\">\u201cvertebra el territorio\u201d<\/em>, como se\u00f1alan las autoridades, porque est\u00e1 presente en la econom\u00eda, el paisaje, las fiestas y hasta en el coraz\u00f3n de la gente que habita esta tierra. Es un s\u00edmbolo de orgullo local que ha trascendido fronteras. Consumir una de estas granadas no es solo saborear una fruta deliciosa; es tambi\u00e9n conectarse con la tradici\u00f3n viva de Elche y la Vega Baja, con el trabajo de sus agricultores y con siglos de historia mediterr\u00e1nea.<\/p>\t\t\t\t\t\t\t\t<\/div>\n\t\t\t\t<\/div>\n\t\t\t\t<div class=\"elementor-element elementor-element-3ccaf0a elementor-widget elementor-widget-heading\" data-id=\"3ccaf0a\" data-element_type=\"widget\" data-e-type=\"widget\" data-widget_type=\"heading.default\">\n\t\t\t\t<div class=\"elementor-widget-container\">\n\t\t\t\t\t<h2 class=\"elementor-heading-title elementor-size-default\">Datos curiosos y valor diferencial frente a otras variedades<\/h2>\t\t\t\t<\/div>\n\t\t\t\t<\/div>\n\t\t\t\t<div class=\"elementor-element elementor-element-c6687aa elementor-widget elementor-widget-text-editor\" data-id=\"c6687aa\" data-element_type=\"widget\" data-e-type=\"widget\" data-widget_type=\"text-editor.default\">\n\t\t\t\t<div class=\"elementor-widget-container\">\n\t\t\t\t\t\t\t\t\t<p data-start=\"30330\" data-end=\"30492\">Para cerrar este recorrido, presentamos algunos <strong data-start=\"30378\" data-end=\"30396\">datos curiosos<\/strong> sobre la granada mollar de Elche y las claves que la distinguen de otras variedades de granada:<\/p><ul data-start=\"30494\" data-end=\"34114\"><li data-start=\"30494\" data-end=\"30927\"><p data-start=\"30496\" data-end=\"30927\"><strong data-start=\"30496\" data-end=\"30537\">La \u00fanica granada con DOP en el mundo:<\/strong> Como ya mencionamos, ninguna otra variedad de granada posee Denominaci\u00f3n de Origen Protegida. Esto convierte a la mollar de Elche en la \u201creina\u201d indiscutible entre cientos de variedades existentes. Su calidad y singularidad est\u00e1n oficialmente reconocidas a nivel europeo, algo de lo que productores y vecinos de Elche se sienten justamente orgullosos.<\/p><\/li><li data-start=\"30929\" data-end=\"31447\"><p data-start=\"30931\" data-end=\"31447\"><strong data-start=\"30931\" data-end=\"30982\">Origen etimol\u00f3gico \u2013 \u201cmollar\u201d significa blando:<\/strong> El nombre \u201cmollar\u201d alude a su atributo m\u00e1s caracter\u00edstico: la semilla blanda. En espa\u00f1ol, <em data-start=\"31073\" data-end=\"31081\">mollar<\/em> se relaciona coloquialmente con lo tierno o f\u00e1cil de moler. Efectivamente, las pepitas de la granada mollar casi se deshacen al masticarlas, a diferencia de las variedades de semilla dura. Esta cualidad \u00fanica hace que incluso quienes normalmente no comen la semilla de la granada (por resultarles molesta) disfruten por completo de los granos de la mollar de Elche.<\/p><\/li><li data-start=\"31449\" data-end=\"32341\"><p data-start=\"31451\" data-end=\"32341\"><strong data-start=\"31451\" data-end=\"31498\">Color externo enga\u00f1oso, interior exquisito:<\/strong> A diferencia de las granadas de variedades for\u00e1neas (como la Wonderful, muy com\u00fan en otras latitudes) que exhiben c\u00e1scaras de rojo intenso uniforme, la granada mollar puede mostrar pieles m\u00e1s claras o sonrosadas. Esto no significa que est\u00e9 menos madura; es <em data-start=\"31756\" data-end=\"31786\">parte de su encanto varietal<\/em>. De hecho, su interior suele ser de un rojo rosado brillante y su dulzor supera al de granadas de c\u00e1scara m\u00e1s roja. Es decir, <strong data-start=\"31952\" data-end=\"32008\">no juzgues a la granada mollar por su color exterior<\/strong>: debajo de una piel crema puede ocultar los granos m\u00e1s dulces. Los expertos se\u00f1alan que el tono externo m\u00e1s p\u00e1lido se debe al menor contenido de antocianinas (pigmentos rojos), pero esa misma caracter\u00edstica va ligada a una acidez m\u00e1s baja, por eso su sabor resulta tan agradable y equilibrado.<\/p><\/li><li data-start=\"32343\" data-end=\"33287\"><p data-start=\"32345\" data-end=\"33287\"><strong data-start=\"32345\" data-end=\"32390\">Simbolog\u00eda de la fertilidad y la belleza:<\/strong> La granada ha simbolizado la fertilidad, la abundancia y la belleza en m\u00faltiples culturas a lo largo de la historia. En el caso de Elche, no solo aparece en el Misteri d\u2019Elx como hemos visto, sino que en el Museo Arqueol\u00f3gico local se exhiben fragmentos de cer\u00e1micas \u00edberas donde las granadas rodeaban a deidades femeninas, posiblemente representando fecundidad y conexi\u00f3n con el m\u00e1s all\u00e1. Asimismo, <em data-start=\"32830\" data-end=\"32840\">Afrodita<\/em>, la diosa griega del amor, seg\u00fan la leyenda plant\u00f3 el primer granado en Chipre, otorg\u00e1ndole desde entonces esa connotaci\u00f3n pasional. Incluso, curiosamente, el nombre de la ciudad de <strong data-start=\"33023\" data-end=\"33034\">Granada<\/strong> en Espa\u00f1a proviene del fruto, y este aparece estilizado en el escudo del Reino de Granada y en el escudo nacional de Espa\u00f1a, simbolizando la unificaci\u00f3n hist\u00f3rica del pa\u00eds. Pocas frutas tienen un peso tan fuerte en la mitolog\u00eda, el arte y la her\u00e1ldica.<\/p><\/li><li data-start=\"33289\" data-end=\"34114\"><p data-start=\"33291\" data-end=\"34114\"><strong data-start=\"33291\" data-end=\"33342\">\u201cRub\u00edes\u201d comestibles y premios internacionales:<\/strong> Los granos de la granada mollar suelen llamarse po\u00e9ticamente <em data-start=\"33404\" data-end=\"33412\">rub\u00edes<\/em> por su brillo y color. Y no es para menos: han conquistado paladares en diversos rincones. En 2020, por ejemplo, una granada mollar de Elche fue premiada en un certamen como \u201cla granada m\u00e1s bonita de Espa\u00f1a\u201d, reconociendo su aspecto excepcional y calidad interna. A nivel gastron\u00f3mico, chefs con estrellas Michelin han creado platos exclusivos con esta fruta, y su zumo ha sido elogiado en ferias internacionales de alimentaci\u00f3n por su sabor dulce \u00fanico. La mollar de Elche se ha convertido en un <strong data-start=\"33988\" data-end=\"34017\">referente de alta calidad<\/strong> dentro y fuera de Espa\u00f1a, gan\u00e1ndose el apodo de <em data-start=\"34066\" data-end=\"34087\">\u201cJoya de la Corona\u201d<\/em> entre las frutas de oto\u00f1o.<\/p><\/li><\/ul><p data-start=\"34116\" data-end=\"34488\">Estos datos y curiosidades refuerzan el <strong data-start=\"34156\" data-end=\"34177\">valor diferencial<\/strong> de la granada mollar de Elche frente a otras variedades: su combinaci\u00f3n de sabor dulce, semilla blanda, historia milenaria y reconocimiento oficial la hacen verdaderamente inigualable. Si a\u00fan no la has probado, te animamos a que lo hagas y descubras por qu\u00e9 tantos la consideran <strong data-start=\"34457\" data-end=\"34487\">la mejor granada del mundo<\/strong>.<\/p>\t\t\t\t\t\t\t\t<\/div>\n\t\t\t\t<\/div>\n\t\t\t\t<div class=\"elementor-element elementor-element-1664ca4 elementor-widget elementor-widget-image\" data-id=\"1664ca4\" data-element_type=\"widget\" data-e-type=\"widget\" data-widget_type=\"image.default\">\n\t\t\t\t<div class=\"elementor-widget-container\">\n\t\t\t\t\t\t\t\t\t\t\t\t\t\t\t\t<a href=\"https:\/\/granavida.com\/granada-mollar-de-elche-comprar\/14-granadas-de-mesa.html\" target=\"_blank\">\n\t\t\t\t\t\t\t<img decoding=\"async\" src=\"https:\/\/www.granavida.com\/blog\/wp-content\/uploads\/2025\/09\/granadas-online.jpeg\" title=\"granadas online\" alt=\"comprar granada mollar\" loading=\"lazy\" \/>\t\t\t\t\t\t\t\t<\/a>\n\t\t\t\t\t\t\t\t\t\t\t\t\t\t\t<\/div>\n\t\t\t\t<\/div>\n\t\t\t\t\t<\/div>\n\t\t\t\t<\/div>\n\t\t\t\t<\/div>\n\t\t","protected":false},"excerpt":{"rendered":"<p>Granada Mollar de Elche: La reina de las granadas Granada Mollar de Elche DOP es mucho m\u00e1s que una fruta: es un s\u00edmbolo de calidad, tradici\u00f3n y sabor del Mediterr\u00e1neo. Conocida como \u201cla reina de las granadas\u201d, esta variedad aut\u00f3ctona alicantina destaca por sus caracter\u00edsticas \u00fanicas y un legado hist\u00f3rico-cultural que la convierte en orgullo &#8230; <a title=\"Granada Mollar de Elche\" class=\"read-more\" href=\"https:\/\/www.granavida.com\/blog\/granada-mollar-de-elche\/\" aria-label=\"Leer m\u00e1s sobre Granada Mollar de Elche\">Leer Mas<\/a><\/p>\n","protected":false},"author":1,"featured_media":0,"parent":0,"menu_order":0,"comment_status":"closed","ping_status":"closed","template":"","meta":{"footnotes":""},"class_list":["post-7226","page","type-page","status-publish"],"acf":[],"yoast_head":"<!-- This site is optimized with the Yoast SEO Premium plugin v27.2 (Yoast SEO v27.2) - https:\/\/yoast.com\/product\/yoast-seo-premium-wordpress\/ -->\n<title>Granada Mollar de Elche D.O.P. | Compra Online en Granavida\u00ae<\/title>\n<meta name=\"description\" content=\"Compra Granada Mollar de Elche D.O.P. fresca y directa del campo. Calidad premium con env\u00edo r\u00e1pido a domicilio. Haz tu pedido en Granavida.\" \/>\n<meta name=\"robots\" content=\"index, follow, max-snippet:-1, max-image-preview:large, max-video-preview:-1\" \/>\n<link rel=\"canonical\" href=\"https:\/\/www.granavida.com\/blog\/granada-mollar-de-elche\/\" \/>\n<meta property=\"og:locale\" content=\"es_ES\" \/>\n<meta property=\"og:type\" content=\"article\" \/>\n<meta property=\"og:title\" content=\"Granada Mollar de Elche\" \/>\n<meta property=\"og:description\" content=\"Compra Granada Mollar de Elche D.O.P. fresca y directa del campo. Calidad premium con env\u00edo r\u00e1pido a domicilio. Haz tu pedido en Granavida.\" \/>\n<meta property=\"og:url\" content=\"https:\/\/www.granavida.com\/blog\/granada-mollar-de-elche\/\" \/>\n<meta property=\"og:site_name\" content=\"Blog de Granavida\u00ae\" \/>\n<meta property=\"article:publisher\" content=\"https:\/\/www.facebook.com\/granavida\/\" \/>\n<meta property=\"article:modified_time\" content=\"2025-09-12T11:38:29+00:00\" \/>\n<meta property=\"og:image\" content=\"https:\/\/www.granavida.com\/blog\/wp-content\/uploads\/elementor\/thumbs\/Banner-granada-mollar-raaxhazuelgbbanhciucnz0emn2a5ora56rf4dg9a8.png\" \/>\n<meta name=\"twitter:card\" content=\"summary_large_image\" \/>\n<meta name=\"twitter:site\" content=\"@GRANAVIDA\" \/>\n<meta name=\"twitter:label1\" content=\"Tiempo de lectura\" \/>\n\t<meta name=\"twitter:data1\" content=\"22 minutos\" \/>\n<script type=\"application\/ld+json\" class=\"yoast-schema-graph\">{\"@context\":\"https:\/\/schema.org\",\"@graph\":[{\"@type\":\"WebPage\",\"@id\":\"https:\/\/www.granavida.com\/blog\/granada-mollar-de-elche\/\",\"url\":\"https:\/\/www.granavida.com\/blog\/granada-mollar-de-elche\/\",\"name\":\"Granada Mollar de Elche D.O.P. | Compra Online en Granavida\u00ae\",\"isPartOf\":{\"@id\":\"https:\/\/www.granavida.com\/blog\/#website\"},\"primaryImageOfPage\":{\"@id\":\"https:\/\/www.granavida.com\/blog\/granada-mollar-de-elche\/#primaryimage\"},\"image\":{\"@id\":\"https:\/\/www.granavida.com\/blog\/granada-mollar-de-elche\/#primaryimage\"},\"thumbnailUrl\":\"https:\/\/www.granavida.com\/blog\/wp-content\/uploads\/elementor\/thumbs\/Banner-granada-mollar-raaxhazuelgbbanhciucnz0emn2a5ora56rf4dg9a8.png\",\"datePublished\":\"2025-08-15T18:12:55+00:00\",\"dateModified\":\"2025-09-12T11:38:29+00:00\",\"description\":\"Compra Granada Mollar de Elche D.O.P. fresca y directa del campo. Calidad premium con env\u00edo r\u00e1pido a domicilio. Haz tu pedido en Granavida.\",\"breadcrumb\":{\"@id\":\"https:\/\/www.granavida.com\/blog\/granada-mollar-de-elche\/#breadcrumb\"},\"inLanguage\":\"es\",\"potentialAction\":[{\"@type\":\"ReadAction\",\"target\":[\"https:\/\/www.granavida.com\/blog\/granada-mollar-de-elche\/\"]}]},{\"@type\":\"ImageObject\",\"inLanguage\":\"es\",\"@id\":\"https:\/\/www.granavida.com\/blog\/granada-mollar-de-elche\/#primaryimage\",\"url\":\"https:\/\/www.granavida.com\/blog\/wp-content\/uploads\/elementor\/thumbs\/Banner-granada-mollar-raaxhazuelgbbanhciucnz0emn2a5ora56rf4dg9a8.png\",\"contentUrl\":\"https:\/\/www.granavida.com\/blog\/wp-content\/uploads\/elementor\/thumbs\/Banner-granada-mollar-raaxhazuelgbbanhciucnz0emn2a5ora56rf4dg9a8.png\"},{\"@type\":\"BreadcrumbList\",\"@id\":\"https:\/\/www.granavida.com\/blog\/granada-mollar-de-elche\/#breadcrumb\",\"itemListElement\":[{\"@type\":\"ListItem\",\"position\":1,\"name\":\"Portada\",\"item\":\"https:\/\/www.granavida.com\/blog\/\"},{\"@type\":\"ListItem\",\"position\":2,\"name\":\"Granada Mollar de Elche\"}]},{\"@type\":\"WebSite\",\"@id\":\"https:\/\/www.granavida.com\/blog\/#website\",\"url\":\"https:\/\/www.granavida.com\/blog\/\",\"name\":\"Zumo de granada Granavida\u00ae\",\"description\":\"Productos elaborados con granadas mollar de elche\",\"publisher\":{\"@id\":\"https:\/\/www.granavida.com\/blog\/#organization\"},\"potentialAction\":[{\"@type\":\"SearchAction\",\"target\":{\"@type\":\"EntryPoint\",\"urlTemplate\":\"https:\/\/www.granavida.com\/blog\/?s={search_term_string}\"},\"query-input\":{\"@type\":\"PropertyValueSpecification\",\"valueRequired\":true,\"valueName\":\"search_term_string\"}}],\"inLanguage\":\"es\"},{\"@type\":\"Organization\",\"@id\":\"https:\/\/www.granavida.com\/blog\/#organization\",\"name\":\"Granavida\u00ae\",\"url\":\"https:\/\/www.granavida.com\/blog\/\",\"logo\":{\"@type\":\"ImageObject\",\"inLanguage\":\"es\",\"@id\":\"https:\/\/www.granavida.com\/blog\/#\/schema\/logo\/image\/\",\"url\":\"https:\/\/www.granavida.com\/blog\/wp-content\/uploads\/2019\/06\/logo-nuevo-tienda.jpg\",\"contentUrl\":\"https:\/\/www.granavida.com\/blog\/wp-content\/uploads\/2019\/06\/logo-nuevo-tienda.jpg\",\"width\":300,\"height\":100,\"caption\":\"Granavida\u00ae\"},\"image\":{\"@id\":\"https:\/\/www.granavida.com\/blog\/#\/schema\/logo\/image\/\"},\"sameAs\":[\"https:\/\/www.facebook.com\/granavida\/\",\"https:\/\/x.com\/GRANAVIDA\"]}]}<\/script>\n<!-- \/ Yoast SEO Premium plugin. -->","yoast_head_json":{"title":"Granada Mollar de Elche D.O.P. | Compra Online en Granavida\u00ae","description":"Compra Granada Mollar de Elche D.O.P. fresca y directa del campo. Calidad premium con env\u00edo r\u00e1pido a domicilio. Haz tu pedido en Granavida.","robots":{"index":"index","follow":"follow","max-snippet":"max-snippet:-1","max-image-preview":"max-image-preview:large","max-video-preview":"max-video-preview:-1"},"canonical":"https:\/\/www.granavida.com\/blog\/granada-mollar-de-elche\/","og_locale":"es_ES","og_type":"article","og_title":"Granada Mollar de Elche","og_description":"Compra Granada Mollar de Elche D.O.P. fresca y directa del campo. Calidad premium con env\u00edo r\u00e1pido a domicilio. Haz tu pedido en Granavida.","og_url":"https:\/\/www.granavida.com\/blog\/granada-mollar-de-elche\/","og_site_name":"Blog de Granavida\u00ae","article_publisher":"https:\/\/www.facebook.com\/granavida\/","article_modified_time":"2025-09-12T11:38:29+00:00","og_image":[{"url":"https:\/\/www.granavida.com\/blog\/wp-content\/uploads\/elementor\/thumbs\/Banner-granada-mollar-raaxhazuelgbbanhciucnz0emn2a5ora56rf4dg9a8.png","type":"","width":"","height":""}],"twitter_card":"summary_large_image","twitter_site":"@GRANAVIDA","twitter_misc":{"Tiempo de lectura":"22 minutos"},"schema":{"@context":"https:\/\/schema.org","@graph":[{"@type":"WebPage","@id":"https:\/\/www.granavida.com\/blog\/granada-mollar-de-elche\/","url":"https:\/\/www.granavida.com\/blog\/granada-mollar-de-elche\/","name":"Granada Mollar de Elche D.O.P. | Compra Online en Granavida\u00ae","isPartOf":{"@id":"https:\/\/www.granavida.com\/blog\/#website"},"primaryImageOfPage":{"@id":"https:\/\/www.granavida.com\/blog\/granada-mollar-de-elche\/#primaryimage"},"image":{"@id":"https:\/\/www.granavida.com\/blog\/granada-mollar-de-elche\/#primaryimage"},"thumbnailUrl":"https:\/\/www.granavida.com\/blog\/wp-content\/uploads\/elementor\/thumbs\/Banner-granada-mollar-raaxhazuelgbbanhciucnz0emn2a5ora56rf4dg9a8.png","datePublished":"2025-08-15T18:12:55+00:00","dateModified":"2025-09-12T11:38:29+00:00","description":"Compra Granada Mollar de Elche D.O.P. fresca y directa del campo. Calidad premium con env\u00edo r\u00e1pido a domicilio. Haz tu pedido en Granavida.","breadcrumb":{"@id":"https:\/\/www.granavida.com\/blog\/granada-mollar-de-elche\/#breadcrumb"},"inLanguage":"es","potentialAction":[{"@type":"ReadAction","target":["https:\/\/www.granavida.com\/blog\/granada-mollar-de-elche\/"]}]},{"@type":"ImageObject","inLanguage":"es","@id":"https:\/\/www.granavida.com\/blog\/granada-mollar-de-elche\/#primaryimage","url":"https:\/\/www.granavida.com\/blog\/wp-content\/uploads\/elementor\/thumbs\/Banner-granada-mollar-raaxhazuelgbbanhciucnz0emn2a5ora56rf4dg9a8.png","contentUrl":"https:\/\/www.granavida.com\/blog\/wp-content\/uploads\/elementor\/thumbs\/Banner-granada-mollar-raaxhazuelgbbanhciucnz0emn2a5ora56rf4dg9a8.png"},{"@type":"BreadcrumbList","@id":"https:\/\/www.granavida.com\/blog\/granada-mollar-de-elche\/#breadcrumb","itemListElement":[{"@type":"ListItem","position":1,"name":"Portada","item":"https:\/\/www.granavida.com\/blog\/"},{"@type":"ListItem","position":2,"name":"Granada Mollar de Elche"}]},{"@type":"WebSite","@id":"https:\/\/www.granavida.com\/blog\/#website","url":"https:\/\/www.granavida.com\/blog\/","name":"Zumo de granada Granavida\u00ae","description":"Productos elaborados con granadas mollar de elche","publisher":{"@id":"https:\/\/www.granavida.com\/blog\/#organization"},"potentialAction":[{"@type":"SearchAction","target":{"@type":"EntryPoint","urlTemplate":"https:\/\/www.granavida.com\/blog\/?s={search_term_string}"},"query-input":{"@type":"PropertyValueSpecification","valueRequired":true,"valueName":"search_term_string"}}],"inLanguage":"es"},{"@type":"Organization","@id":"https:\/\/www.granavida.com\/blog\/#organization","name":"Granavida\u00ae","url":"https:\/\/www.granavida.com\/blog\/","logo":{"@type":"ImageObject","inLanguage":"es","@id":"https:\/\/www.granavida.com\/blog\/#\/schema\/logo\/image\/","url":"https:\/\/www.granavida.com\/blog\/wp-content\/uploads\/2019\/06\/logo-nuevo-tienda.jpg","contentUrl":"https:\/\/www.granavida.com\/blog\/wp-content\/uploads\/2019\/06\/logo-nuevo-tienda.jpg","width":300,"height":100,"caption":"Granavida\u00ae"},"image":{"@id":"https:\/\/www.granavida.com\/blog\/#\/schema\/logo\/image\/"},"sameAs":["https:\/\/www.facebook.com\/granavida\/","https:\/\/x.com\/GRANAVIDA"]}]}},"_links":{"self":[{"href":"https:\/\/www.granavida.com\/blog\/wp-json\/wp\/v2\/pages\/7226","targetHints":{"allow":["GET"]}}],"collection":[{"href":"https:\/\/www.granavida.com\/blog\/wp-json\/wp\/v2\/pages"}],"about":[{"href":"https:\/\/www.granavida.com\/blog\/wp-json\/wp\/v2\/types\/page"}],"author":[{"embeddable":true,"href":"https:\/\/www.granavida.com\/blog\/wp-json\/wp\/v2\/users\/1"}],"replies":[{"embeddable":true,"href":"https:\/\/www.granavida.com\/blog\/wp-json\/wp\/v2\/comments?post=7226"}],"version-history":[{"count":0,"href":"https:\/\/www.granavida.com\/blog\/wp-json\/wp\/v2\/pages\/7226\/revisions"}],"wp:attachment":[{"href":"https:\/\/www.granavida.com\/blog\/wp-json\/wp\/v2\/media?parent=7226"}],"curies":[{"name":"wp","href":"https:\/\/api.w.org\/{rel}","templated":true}]}}